{"id":194,"date":"2013-07-12T07:28:02","date_gmt":"2013-07-12T06:28:02","guid":{"rendered":"http:\/\/societe-etudes-draguignan.com\/web\/?page_id=194"},"modified":"2022-09-24T08:49:50","modified_gmt":"2022-09-24T07:49:50","slug":"evenement","status":"publish","type":"page","link":"https:\/\/societe-etudes-draguignan.com\/?page_id=194","title":{"rendered":"\u00c9v\u00e9nements"},"content":{"rendered":"\n<figure class=\"wp-block-image\"><img decoding=\"async\" src=\"https:\/\/societe-etudes-draguignan.comwp-content\/uploads\/2019\/10\/20191015_183450-734x1024.jpg\" alt=\"\" class=\"wp-image-587\"\/><\/figure>\n\n\n\n<p><\/p>\n\n\n\n<p><\/p>\n\n\n\n<p><\/p>\n\n\n<blockquote>\n<div>\n<div>\n<blockquote>\n<div>\n<div>\u00a0<\/div>\n<\/div>\n<\/blockquote>\n<\/div>\n<\/div>\n<\/blockquote>\n<blockquote>\n<div>\n<div>\n<blockquote>\n<div>\n<div>\u00a0<\/div>\n<\/div>\n<\/blockquote>\n<\/div>\n<\/div>\n<\/blockquote>\n<div><span style=\"color: #ff0000;\"><b>\u00a0<\/b><\/span><\/div>\n<p><span style=\"color: #ff0000;\">\u00a0<\/span><\/p>\n<p><span style=\"color: #ff0000;\">\u00a0<\/span><\/p>\n<p>\u00a0<\/p>\n<hr \/><hr \/>\n<p>Draguignan : Chapelle des Capucins sauv\u00e9e !<\/p>\n<p>Une victoire pour la Soci\u00e9t\u00e9 D&rsquo;\u00c9tudes et tous ceux\u00a0qui ont contribu\u00e9 \u00e0 cette sauvegarde.<\/p>\n<p>Tous les d\u00e9tails de ce dossier sur le site de l&rsquo;Observatoire du Patrimoine. Religieux cliquer sur les liens ci-dessous.<\/p>\n<p><a href=\"http:\/\/www.patrimoine-religieux.fr\/\">Observatoire du Patrimoine Religieux<\/a><\/p>\n<p><a href=\"http:\/\/www.patrimoine-religieux.fr\/search?SearchableText=chapelle+des+capucins+var\">Chapelle des Capucins<\/a><\/p>\n<p><strong>Pass\u00e9 douloureux pour la Dra\u00e7\u00e8nie<\/strong><\/p>\n<p>Inondations catastrophiques \u00e0 Draguignan \u00a0(Var) et en Dra\u00e7\u00e8nie<br \/>15 et 16 Juin 2010<\/p>\n<p>\u00a0<\/p>\n<p>Le cent-cinquantenaire :<\/p>\n<p>Le cent- cinquanti\u00e8me anniversaire de la Soci\u00e9t\u00e9 d&rsquo;Etudes Scientifiques et Arch\u00e9ologiques de Draguignan et du Var a eu lieu le mercredi 19 octobre 2005 avec une grande exposition r\u00e9trospective dans la chapelle de l&rsquo;Observance.<\/p>\n<p>\u00a0<\/p>\n\n","protected":false},"excerpt":{"rendered":"<p>\u00a0 \u00a0 \u00a0 \u00a0 \u00a0 \u00a0 Draguignan : Chapelle des Capucins sauv\u00e9e ! Une victoire pour la Soci\u00e9t\u00e9 D&rsquo;\u00c9tudes et tous ceux\u00a0qui ont contribu\u00e9 \u00e0 cette sauvegarde. Tous les d\u00e9tails de ce dossier sur le site de l&rsquo;Observatoire du Patrimoine. &hellip; <a href=\"https:\/\/societe-etudes-draguignan.com\/?page_id=194\">Continuer la lecture <span class=\"meta-nav\">&rarr;<\/span><\/a><\/p>\n","protected":false},"author":1,"featured_media":0,"parent":0,"menu_order":3,"comment_status":"closed","ping_status":"closed","template":"","meta":{"footnotes":""},"class_list":["post-194","page","type-page","status-publish","hentry"],"_links":{"self":[{"href":"https:\/\/societe-etudes-draguignan.com\/index.php?rest_route=\/wp\/v2\/pages\/194","targetHints":{"allow":["GET"]}}],"collection":[{"href":"https:\/\/societe-etudes-draguignan.com\/index.php?rest_route=\/wp\/v2\/pages"}],"about":[{"href":"https:\/\/societe-etudes-draguignan.com\/index.php?rest_route=\/wp\/v2\/types\/page"}],"author":[{"embeddable":true,"href":"https:\/\/societe-etudes-draguignan.com\/index.php?rest_route=\/wp\/v2\/users\/1"}],"replies":[{"embeddable":true,"href":"https:\/\/societe-etudes-draguignan.com\/index.php?rest_route=%2Fwp%2Fv2%2Fcomments&post=194"}],"version-history":[{"count":4,"href":"https:\/\/societe-etudes-draguignan.com\/index.php?rest_route=\/wp\/v2\/pages\/194\/revisions"}],"predecessor-version":[{"id":1021,"href":"https:\/\/societe-etudes-draguignan.com\/index.php?rest_route=\/wp\/v2\/pages\/194\/revisions\/1021"}],"wp:attachment":[{"href":"https:\/\/societe-etudes-draguignan.com\/index.php?rest_route=%2Fwp%2Fv2%2Fmedia&parent=194"}],"curies":[{"name":"wp","href":"https:\/\/api.w.org\/{rel}","templated":true}]}}