{"id":226,"date":"2013-07-17T13:58:29","date_gmt":"2013-07-17T12:58:29","guid":{"rendered":"http:\/\/societe-etudes-draguignan.com\/web\/?page_id=226"},"modified":"2025-12-09T15:09:03","modified_gmt":"2025-12-09T14:09:03","slug":"bibliotheque","status":"publish","type":"page","link":"https:\/\/societe-etudes-draguignan.com\/?page_id=226","title":{"rendered":"Biblioth\u00e8que"},"content":{"rendered":"\n<p><\/p>\n\n\n\n<p><strong>Liste des livres re\u00e7us ou \u00e9chang\u00e9s au 1\u00b0 et 2ieme trimestre 2025<\/strong><\/p>\n\n\n\n<h2 class=\"wp-block-heading\">LIVRES ET PUBLICATIONS ENREGISTR\u00c9S<\/h2>\n\n\n\n<p>Draguignan, le 21 janvier 2025<br>Madame, Monsieur,<br>Nous avons le plaisir de vous adresser la liste des ouvrages que nous avons en partie enregistr\u00e9s dans notre biblioth\u00e8que durant les mois de juillet \u00e0 d\u00e9cembre 2025.<br>Ces livres proviennent des \u00e9changes avec les Soci\u00e9t\u00e9s Savantes de France ou de l\u2019\u00e9tranger, des abonnements, de dons et de nos achats.<br>Ce nombre r\u00e9duit de livres, par rapport aux semestres pr\u00e9c\u00e9dents, s&rsquo;explique par le fait que nous n&rsquo;avons pas pu prendre en compte un certain nombre d&rsquo;ouvrages, enregistr\u00e9s auparavant en L : en effet le logiciel actuel \u00e9tant obsol\u00e8te, la restructuration de la biblioth\u00e8que a commenc\u00e9 mais a ralenti l&rsquo;enregistrement des ouvrages.<br>Le secr\u00e9tariat est ouvert :<\/p>\n\n\n\n<ul class=\"wp-block-list\">\n<li>mardi, jeudi, vendredi de 9h \u00e0 12h<\/li>\n\n\n\n<li>mercredi de 14h00 \u00e0 18h00<\/li>\n\n\n\n<li><br>Vous pourrez \u00e9galement retrouver cette m\u00eame liste sur le site de la Soci\u00e9t\u00e9 d\u2019\u00c9tudes.<br>Restant \u00e0 votre disposition pour tout renseignement compl\u00e9mentaire, nous vous prions d\u2019agr\u00e9er, Madame, Monsieur, nos salutations les meilleures.<br>Fran\u00e7oise Grosjean Pr\u00e9sidente<\/li>\n<\/ul>\n\n\n\n<p><\/p>\n\n\n\n<ul class=\"wp-block-list\">\n<li>LISTE<\/li>\n\n\n\n<li><strong>De juillet \u00e0 d\u00e9cembre 2025 :<\/strong><\/li>\n\n\n\n<li>&#8211; P088 \u00ab&nbsp;Revue arch\u00e9ologique de Bordeaux&nbsp;\u00bbTome CXIV (114) ann\u00e9e 2023<\/li>\n\n\n\n<li>&#8211; L6716 \u00ab&nbsp;A Fr\u00e9jus ce soir l\u00e0&nbsp;\u00bb, collection \u00ab&nbsp;Mappemonde&nbsp;\u00bb dirig\u00e9e par Gaston Bonheur, 1960<\/li>\n\n\n\n<li>&#8211; L6717 \u00ab&nbsp;Dictionnaire des noms et pr\u00e9noms de France&nbsp;\u00bb Larousse 1982<\/li>\n\n\n\n<li>&#8211; L6718 \u00ab&nbsp;La grotte Chauvet \u00e0 Vallon-Pont-d\u2019Arc&nbsp;\u00bb, Jean-Marie Chauvet, Eliette Brunel Deschamps, Christian Hillaire, 1995,<\/li>\n\n\n\n<li>&#8211; L6719 \u00ab&nbsp;Encyclop\u00e9die m\u00e9di\u00e9vale&nbsp;d\u2019apr\u00e8s Viollet le Duc, Tome I, 1978,<\/li>\n\n\n\n<li>&#8211; L6720 \u00ab&nbsp;Les martyrs de la foi pendant la R\u00e9volution fran\u00e7aise, ou Martyrologe des pontifes, pr\u00eatres, religieux, religieuses, la\u00efcs de l&rsquo;un et l&rsquo;autre sexe qui p\u00e9rirent alors pour la foi. Volume 1&nbsp;\u00bb, Abb\u00e9 Aim\u00e9 Guillon, 1821<\/li>\n\n\n\n<li>&#8211; P016 \u00ab&nbsp;Provence historique&nbsp;\u00bb, en m\u00e9moire de No\u00ebl Coulet (2), Tome LXXV, fascicule 277, janvier-juin 2025<\/li>\n\n\n\n<li>&#8211; L6721 \u00ab&nbsp;Promenade au Ch\u00e2teau d\u2019If&nbsp;\u00bb, Paule Laget (de)<\/li>\n\n\n\n<li>&#8211; L6722 \u00ab&nbsp;Toponymie de Figani\u00e8res&nbsp;\u00bb, Collectif, 2020<\/li>\n\n\n\n<li>-P087 \u00ab&nbsp;Bulletin de la Soci\u00e9t\u00e9 de Borda&nbsp;\u00bb, ann\u00e9e 2025, 2 \u00e8me trimestre, n\u00b0558<\/li>\n\n\n\n<li>&#8211; L6723 \u00ab&nbsp;La Chartreuse de la Verne&nbsp;\u00bb, Jean-Pierre Aniel<\/li>\n\n\n\n<li>&#8211; L6724 \u00ab&nbsp;Promenez-vous \u00e0 Pied de Roquebrune \u00e0 Draguignan&nbsp;\u00bb Jean B\u00e9renguier<\/li>\n\n\n\n<li>-L6725 \u00ab&nbsp;L\u2019harmonie du vers fran\u00e7ais&nbsp;aux XVI\u00e8me et XVII\u00e8me si\u00e8cles&nbsp;\u00bb Lote Georges<\/li>\n\n\n\n<li>-L6726 \u00ab&nbsp;Les orgues de la Cath\u00e9drale&nbsp;\u00bb Poulle-Symian Raymond, 1897<\/li>\n\n\n\n<li>-L6727&nbsp;\u00ab&nbsp;Les fourches patibulaires en France \u2013 Les fourches du quartier des Selves \u00e0 Draguignan&nbsp;\u00bb Boyer (Abb\u00e9) Raymond, 1948<\/li>\n\n\n\n<li>-L6728 \u00ab&nbsp;Les premiers \u00e9v\u00eaques de Fr\u00e9jus&nbsp;\u00bb Espitalier (Abb\u00e9) H, pr\u00eatre du Dioc\u00e8se de Fr\u00e9jus, 1891<\/li>\n\n\n\n<li>-L6729 \u00ab&nbsp;Eloge fun\u00e8bre de M. Edmond Poup\u00e9&nbsp;\u00bb par Honor\u00e9 Louis, 1939<\/li>\n\n\n\n<li>&#8211; P292 \u00ab&nbsp;Arch\u00e9ologia&nbsp;\u00bb n\u00b0644 Juillet-Ao\u00fbt 2025, expositions&nbsp;: \u00e9tonnants MAMLOUKS au Louvre, le myst\u00e8re CLEOPATRE \u00e0 l\u2019IMA, d\u00e9couverte la N\u00e9cropole d\u2019Apollonia du Pont. Portrait&nbsp;: Jacques DE MORGAN un arch\u00e9ologue \u00e9clectique. Dossier&nbsp;: au c\u0153ur des Grottes de la vall\u00e9e de la V\u00e9z\u00e8re. PPN 039613615 MAJ SUDOC 16\/07\/2025<\/li>\n\n\n\n<li>&#8211; L6730 \u00ab&nbsp;L\u2019ancien \u00e9tat-civil de la commune de Salernes&nbsp;\u00bb, Mireur F, 1895<\/li>\n\n\n\n<li>&#8211; L6731 \u00ab&nbsp;Ampus, le chemin de Crois&nbsp;\u00bb, Association APPA, 2009<\/li>\n\n\n\n<li>&#8211; L6732 \u00ab&nbsp;Verres gallo-romains&nbsp;\u00bb, Mus\u00e9e Carnavalet, 1983<\/li>\n\n\n\n<li>-L6733 \u00ab&nbsp;Pr\u00e9histoire du Massif de l\u2019Est\u00e9rel&nbsp;\u00bb, Raux Alain, Momet-Raux Josette, Onorati France, Onorati G\u00e9rard, Cauche Dominique, Simon Patrick, 2023<\/li>\n\n\n\n<li>-L6734 \u00ab&nbsp;Organisation administrative et judiciaire de la ville de Draguignan jusqu\u2019\u00e0 la r\u00e9union de la Provence \u00e0 la France&nbsp;\u00bb Anaud Camille (consultation sur place)<\/li>\n\n\n\n<li>&#8211; L6735 \u00ab&nbsp;Etude sur la source Fontaine l\u2019Ev\u00eaque (Var)&nbsp;\u00bb, Martel Edouard Alfred, Le Couppey de La Forest Max, 1907<\/li>\n\n\n\n<li>-L6736 \u00ab&nbsp;Draguignan&nbsp;lib\u00e9r\u00e9&nbsp;\u00bb, livret publi\u00e9 \u00e0 l\u2019occasion de l\u2019exposition \u00ab&nbsp;Draguignan&nbsp; lib\u00e9r\u00e9&nbsp;\u00bb organis\u00e9e par la ville de Draguignan \u00e0 la chapelle de l\u2019Observance, 2024<\/li>\n\n\n\n<li>-L6737 \u00ab&nbsp;Sauvegarde et valorisation du patrimoine b\u00e2ti \u2013 Guide de protrocoles d\u2019interventions transfrontalier&nbsp;\u00bb, Collectif<\/li>\n\n\n\n<li>-L6738 \u00ab&nbsp;Le Chartreux, origines, esprit, vie intime&nbsp;\u00bb , Collectif, 1899<\/li>\n\n\n\n<li>-L6739 \u00ab&nbsp;Septi\u00e8me journ\u00e9e d\u2019\u00e9tudes vaudoises et historiques du Luberon&nbsp;\u00bb, Association d\u2019Etudes Vaudoises et Historiques du Luberon, 1987.<\/li>\n\n\n\n<li>&#8211; L6740 \u00ab&nbsp;La s\u00e9paration de l\u2019\u00c9glise et de l\u2019\u00c9tat. Discours prononc\u00e9 le 18 Septembre au convent ma\u00e7onnique de 1886&nbsp;\u00bb, Dide Auguste, r\u00e9-\u00e9dition<\/li>\n\n\n\n<li>-L6741 \u00ab&nbsp;La monnaie d\u2019Aix-en-Provence 1481-1548&nbsp;\u00bb Ganne Philippe<\/li>\n\n\n\n<li>-L6742 \u00ab&nbsp;Les Bravades&nbsp;\u00bb, Association des Amis de la Bravade et des Traditions trop\u00e9ziennes, 1954<\/li>\n\n\n\n<li>-L6743 \u00ab&nbsp;Les P\u00e9nitents gris d\u2019Aix-en-Provence (Les Bourras)&nbsp;\u00bb, Fr\u00e8re Pierre Desplanches<\/li>\n\n\n\n<li>-L6744 \u00ab&nbsp;L\u2019Echo de Notre-Dame-du-Mai&nbsp;\u00bb, 1933<\/li>\n\n\n\n<li>-P293 \u00ab&nbsp;Dossiers d\u2019Arch\u00e9ologie&nbsp;\u00bb n\u00b0430, Juillet\/Ao\u00fbt 2025, Grecs en Occident, Grande Gr\u00e8ce et Sicile, Les grands sites, Agrigente, S\u00e9linonte, Cumes, Religion et Sanctuaires, Urbanisation<\/li>\n\n\n\n<li>-L6745 <strong>\u00ab&nbsp;<\/strong>Inventaire g\u00e9n\u00e9ral du patrimoine culturel 2023&nbsp;\u00bb, R\u00e9gion Sud, 48 pages.<\/li>\n\n\n\n<li>-P137 \u00ab&nbsp;Entre Rome et la r\u00e9forme, le Chapitre Saint-Thomas de Strasbourg (1523-1549)&nbsp;\u00bb H\u00e9l\u00e8ne Zettel Bulletin de la Soci\u00e9t\u00e9 d\u2019Etudes du Bas-Rhin, tome CXLI 2025<\/li>\n\n\n\n<li>-L6746 \u00ab&nbsp;Le d\u00e9barquement de Provrnce et la Seconde guerre mondiale \u00e0 Saint-Rapha\u00ebl&nbsp;: chemin de m\u00e9moire&nbsp;\u00bb Ville de Saint-Rapha\u00ebl , flyer 4 pages<\/li>\n\n\n\n<li>-L6747 \u00abEglise du Castellet \u2013 La Transfiguration du Saint-Sauveur&nbsp;\u00bb \u00c9glise du Castellet, flyer 4 pages.<\/li>\n\n\n\n<li>-L6748 \u00ab&nbsp;Plan de la Ville de Toulon au Moyen-Age&nbsp;\u00bb, Teissier Octave, plan sur feuille A4<\/li>\n\n\n\n<li>&nbsp;-L6749 Recueil d\u2019articles de M. Barral L. sur le th\u00e8me du Mus\u00e9e d\u2019Anthropologie pr\u00e9historique de Monaco, grotte de l\u2019Observatoire, grottes de Grimaldi, 16 pages photocopi\u00e9es reli\u00e9es.<\/li>\n\n\n\n<li>-L6750 \u00abHonor\u00e9 Jourdan du Var \u2013 pr\u00e9fet de la Corse sous la monarchie de juillet \u00e0 ravers des lettres in\u00e9dites (1831-1846)&nbsp;\u00bb , Canavaggio Jos\u00e9, extrait Etudes corses, 71 (2010), pp 27-51, photocopies non reli\u00e9es<\/li>\n\n\n\n<li>&nbsp;-P113 \u00ab&nbsp;Bulletin Historique de la Soci\u00e9t\u00e9 Acad\u00e9mique du Puy-en-Velay et la Haute-Loire&nbsp;\u00bb, ann\u00e9e 2025, tome CI<\/li>\n\n\n\n<li>&#8211; P098 \u00ab&nbsp;Revue Historique du Centre-Ouest, Soci\u00e9t\u00e9 des Antiquaires de l\u2019Ouest, Radegonde, 1500 ans de pr\u00e9sence \u00e0 Poitiers&nbsp;\u00bb, 2\u00e8me semestre 2023, Tome XXII<\/li>\n\n\n\n<li>-L6751 \u00ab&nbsp;La Provence Antique&nbsp;\u00bb Le Prioux C\u00e9line, Champollion Herv\u00e9<\/li>\n\n\n\n<li>-L6752 \u00ab&nbsp;Baudinard avant l\u2019Histoire&nbsp;\u00bb Courtin Jean<\/li>\n\n\n\n<li>-L6753 \u00ab&nbsp;Des derniers chasseurs aux premiers agriculteurs \u2013 2000 ans d\u2019occupation du Grand Abri de Ch\u00e2teauneuf-les-Martigues&nbsp;\u00bb Courtin Jean, S\u00e9n\u00e9part Ingrid<\/li>\n\n\n\n<li>-L6754 \u00ab&nbsp;Mus\u00e9e des Docks Romains&nbsp;\u00bb, Collectif, (catalogue)<\/li>\n\n\n\n<li>-L6755 \u00e0 L6758 \u00ab&nbsp;Dictionnaire de l\u2019architecture m\u00e9di\u00e9vale&nbsp;\u00bb vol I \u00e0 IV, Viollet le Duc Eug\u00e8ne , \u00e9dition 1997<\/li>\n\n\n\n<li>-L6759 \u00ab&nbsp;Catalogue du Mus\u00e9e de Draguignan&nbsp;\u00bb, Teissier Octave, 1904<\/li>\n\n\n\n<li>-L6760 \u00ab&nbsp;L\u2019Arch\u00e9ologie fun\u00e9raire du Midi de la France&nbsp;de la fin du N\u00e9olithique au Moyen \u00c2ge\u00bb, catalogue d\u2019exposition, Mus\u00e9e d\u2019Histoire et d\u2019Arch\u00e9ologie Bastion Saint-Andr\u00e9 \u2013 Antibes<\/li>\n\n\n\n<li>-L6761 \u00ab&nbsp;France \u2013 Abbayes Cisterciennes \u2013 Ann\u00e9e Saint Bernard 1090 &#8211; 1990&nbsp;\u00bb C.N.M.H.S, 1990<\/li>\n\n\n\n<li>-L6762 \u00ab&nbsp;Textes relatifs aux \u00c9tats G\u00e9n\u00e9raux de Provence de 1371 \u00e0 1383 et \u00e0 des repr\u00e9sentations sc\u00e9niques \u00e0 Draguignan au XVe XVIe et XVIIe si\u00e8cle&nbsp;\u00bb, Mireur F.<\/li>\n\n\n\n<li>-L6763&nbsp;\u00ab&nbsp;Une Fontaine ignor\u00e9e d\u2019origine Cistercienne \u00e0 Lorgues&nbsp;\u00bb, Barbier Edmond<\/li>\n\n\n\n<li>-L6764 \u00ab&nbsp;Les N\u00e9cropole de Fr\u00e9jus&nbsp;\u00bb, Beraud Isabelle , G\u00e9bara Ch\u00e9rine, 9 pages<\/li>\n\n\n\n<li>-L6765 \u00ab&nbsp;A propos du Ch\u00e2teau de Tourves Valbelle et la Clairon&nbsp;\u00bb B\u00e9renguier Raoul, 8 pages<\/li>\n\n\n\n<li>-L6766 \u00ab&nbsp;Etude anthropologique et pal\u00e9opathologique d\u2019un adulte inhum\u00e9 puis incin\u00e9r\u00e9 provenant du site de Pincevent (Seine-et-marne)&nbsp;\u00bb, Gr\u00e9vin Gilles, baud Charles-Albert, Susini Alberto, 11 pages<\/li>\n\n\n\n<li>-L6767 \u00ab&nbsp;La fouille en laboratoire des s\u00e9pultures \u00e0 incin\u00e9ration, son apport \u00e0 l\u2019Arch\u00e9ologie&nbsp;\u00bb, Gr\u00e9vin Gilles, 8 pages<\/li>\n\n\n\n<li>-L6768 \u00ab&nbsp;La tombe de Louis de Boulhac, \u00e9v\u00eaque de Fr\u00e9jus (1385-1405), Boyer Raymond, Gauthier Marie-Madeleine, 10 pages<\/li>\n\n\n\n<li>-L6769 \u00ab&nbsp;Marques de t\u00e2cherons in\u00e9dites relev\u00e9es dans le Haut-var&nbsp;\u00bb, Boyer Raymond, 9 pages<\/li>\n\n\n\n<li>-L6770 \u00ab&nbsp;Un village disparu&nbsp;: Esperel (camp militaire de Canjuers, Var)&nbsp;\u00bb, Boyer Raymond, D\u00e9sirat guy, 7 pages<\/li>\n\n\n\n<li>-L6771 \u00ab&nbsp;Tr\u00e9sors de Chelles&nbsp;: s\u00e9pultures et reliques de la Reine Bathilde et de l\u2019Abbesse Bertille&nbsp;\u00bb, catalogue d\u2019exposition (photocopies reli\u00e9es) Laporte jean-Pierre, Boyer Raymond, 1991<\/li>\n\n\n\n<li>-L6772 \u00ab&nbsp;Livret du Mus\u00e9e de Draguignan &#8211; Tableaux&nbsp;\u00bb, 1898<\/li>\n\n\n\n<li>-L6773 \u00ab&nbsp;Aux origines de la France \u2013 D\u00e9couverte arch\u00e9ologique d\u2019une Reine M\u00e9rovingienne Bathilde (7<sup>e<\/sup> si\u00e8cle)&nbsp;\u00bb, catalogue d\u2019exposition, 1988<\/li>\n\n\n\n<li>-P428 \u00ab&nbsp;Les Annales du Th\u00e9\u00e2tre et de la Musique&nbsp;\u00bb, No\u00ebl Edouard et Stoullig Edmond, collection de 1875 \u00e0 1912.<\/li>\n\n\n\n<li>&#8211; P014 \u00ab&nbsp;Bulletin de la Soci\u00e9t\u00e9 d\u2019Agriculture et de Commerce du d\u00e9partement du Var&nbsp;\u00bb n\u00b0I, 1820, n\u00b04 et n\u00b05.<\/li>\n\n\n\n<li>&#8211; L6775 \u00ab&nbsp;Lou Proven\u00e7au a l\u2019escolo&nbsp;\u00bb, Dourguin, Mauron, 1952<\/li>\n\n\n\n<li>&#8211; P094 \u00ab&nbsp;M\u00e9moires de la Soci\u00e9t\u00e9 des sciences naturelles, arch\u00e9ologiques et historiques de la Creuse&nbsp;\u00bb Tome 70<\/li>\n\n\n\n<li>&#8211; P411 \u00ab&nbsp;Cahiers de la M\u00e9diterran\u00e9e, Espagne-Maghreb&nbsp;: une histoire des circulations \u00e0 l\u2019\u00e9poque contemporaine (XIXe-XXIe si\u00e8cles&nbsp;\u00bb, n\u00b0110 juin 2025.<\/li>\n\n\n\n<li>-P292 \u00ab&nbsp;Arch\u00e9ologia&nbsp;: exposition l\u2019empereur Marc Aur\u00e8le, fouille du mois&nbsp;: du nouveau sur l\u2019oppidum d\u2019Ens\u00e9rune, patrimoine&nbsp;: les thermes de la Cour d\u2019or \u00e0 Metz, dossier&nbsp;: le marbre dans l\u2019Antiquit\u00e9 grecque, enqu\u00eate&nbsp;: qui sont les paranthropes&nbsp;\u00bb&nbsp;n\u00b0645 septembre 2025<\/li>\n\n\n\n<li>-P293 \u00ab&nbsp;Dossiers d\u2019Arch\u00e9ologie, \u00cele de P\u00e2ques art culture et environnement&nbsp;\u00bb n\u00b0431 Septembre\/octobre 2025 PPN 040029816 MAJ 23\/09\/2025<\/li>\n\n\n\n<li>-P388 \u00ab&nbsp;Bulletin de la Soci\u00e9t\u00e9 d\u2019Histoire de Fr\u00e9jus et de sa R\u00e9gion&nbsp;&#8211; Gustave Bret \u00bb n\u00b026, 2025<\/li>\n\n\n\n<li>&#8211; L6777 \u00ab&nbsp;Cahier de la Biodiversit\u00e9 commune de Ginasservis&nbsp;\u00bb Parc r\u00e9gional du Verdon, 2014<\/li>\n\n\n\n<li>-L6778 \u00ab&nbsp;Cahier de la Biodiversit\u00e9 commune de La Martre&nbsp;\u00bb Parc r\u00e9gional du Verdon, 2020<\/li>\n\n\n\n<li>-L6779 \u00ab&nbsp;Cahier de la Biodiversit\u00e9 commune de Trigance&nbsp;\u00bb Parc r\u00e9gional du Verdon, 2024<\/li>\n\n\n\n<li>&#8211; L6780 \u00ab&nbsp;L\u2019agrodiversit\u00e9 fruiti\u00e8re du Verdon \u2013 Ethnologie et Histoire&nbsp;\u00bb synth\u00e8se d\u2019\u00c9tude, Parc r\u00e9gional du Verdon 2018<\/li>\n\n\n\n<li>-P292 \u00ab&nbsp;Arch\u00e9ologia \u2013 Carnac derni\u00e8res r\u00e9v\u00e9lations \u2013 Enqu\u00eate&nbsp;: dans un rep\u00e8re pirate \u00e0 Madagascar \u2013 Exposition \u00e0 Lyon&nbsp;: l\u2019art chez les Romains \u2013 Anniversaire&nbsp;: les 80 ans de la commission des fouilles \u2013 Fouille du mois&nbsp;: Beaucaire antique&nbsp;\u00bb n\u00b0646, octobre 2025.<\/li>\n\n\n\n<li>-L6781 \u00ab&nbsp;S\u00e9ismes en Provence \u2013 du tremblement de terre de 1909 \u00e0 la Provence sismique d\u2019aujourd\u2019hui&nbsp;\u00bb Bonnet-Vidal Estelle<\/li>\n\n\n\n<li>-L4550 \u00ab&nbsp;Histoire des Gorges du Verdon jusqu\u2019\u00e0 la r\u00e9volution&nbsp;\u00bb, 3<sup>e<\/sup> \u00e9dition, 2025, Cru Jacques<\/li>\n\n\n\n<li>-P087 \u00ab&nbsp;Bulletin de la Soci\u00e9t\u00e9 de la Borda&nbsp;\u00bb ann\u00e9e 2025, 150<sup>e<\/sup> ann\u00e9e, 3<sup>e<\/sup> trimestre, n\u00b0559<\/li>\n\n\n\n<li>&#8211; P430 \u00ab&nbsp;Courrier Scientifique&nbsp;\u00bb, Parc R\u00e9gional du Verdon, Hors-s\u00e9rie n\u00b02 03\/2010 \u2013 n\u00b02 03\/2011 \u2013 Hors-s\u00e9rie n\u00b03 06\/2012 \u2013 n\u00b03 10\/2015 (2) \u2013 n\u00b04 12\/2015 (2 avec cd) &#8211; n\u00b04 juillet 2018 \u2013 n\u00b05 08\/2019 \u2013 n\u00b06 09\/2023 (2) &#8211;<\/li>\n\n\n\n<li>&#8211; L6782 \u00ab&nbsp;Trois jours de g\u00e9n\u00e9ralat ou un \u00e9pisode de la guerre civile dans le Var (d\u00e9cembre 1851)&nbsp;\u00bb Duteil Camille<\/li>\n\n\n\n<li>-P145.1 \u00ab&nbsp;Bulletin de la Diana&nbsp;\u00bb, publication trimestrielle de la Soci\u00e9t\u00e9 Arch\u00e9ologique et historique du Forez, 3<sup>e<\/sup> trim 2025 n\u00b03 PPN 039905780 MAJ SUDOC 15\/10\/2025<\/li>\n\n\n\n<li>-P082 \u00ab&nbsp;Bulletin de la Soci\u00e9t\u00e9 des Etudes Litt\u00e9raires, Scientifiques et Artisitiques du Lot&nbsp;\u00bb 3<sup>e<\/sup> fascicule 2025, juillet-septembre, tome 146, publication trimestrielle<\/li>\n\n\n\n<li>-L6783 \u00ab&nbsp;Dossier de candidature au label Pays d\u2019art et d\u2019histoire&nbsp;\u00bb, Collectif, 2025<\/li>\n\n\n\n<li>-L6784 \u00ab&nbsp;Hippolyte et la Princesse M\u00e9rovingienne&nbsp;\u00bb Roux Bernard, 2021<\/li>\n\n\n\n<li>-L6785 \u00ab&nbsp;Histoire du Consulat et de l\u2019Empire&nbsp;\u00bb Thiers A., 7 volumes<\/li>\n\n\n\n<li>-P034 \u00ab&nbsp;Revue de la Soci\u00e9t\u00e9 scientifique et litt\u00e9raire des ALpes-de-Haute-Provence&nbsp;\u00bb n\u00b0392, ann\u00e9e 2025<\/li>\n\n\n\n<li>&#8211; P404 \u00ab&nbsp;Cahiers et M\u00e9moires de la Soci\u00e9t\u00e9 Arch\u00e9ologique d\u2019Eure et Loir&nbsp;\u00bb M\u00e9moire XXXVIII-5 , 2024<\/li>\n\n\n\n<li>-L6786 \u00ab&nbsp;Notre-Dame du Peuple \u2013 La dame drac\u00e9noise&nbsp;\u00bb, David Anne-Catherine<\/li>\n\n\n\n<li>-P292 \u00ab&nbsp;Arch\u00e9ologia&nbsp;\u00bb, n\u00b0647<\/li>\n\n\n\n<li>-P293 \u00ab&nbsp;Dossiers d\u2019Arch\u00e9ologie \u2013 L\u2019art pr\u00e9historique selon Jack London \u2013 Agatha Christie en Egypte \u2013 Camus et l\u2019Alg\u00e9rie antique \u2013 Dumas \u00e0 Pomp\u00e9i \u2013 Malraux dans les temples khmers&nbsp;\u00bb n\u00b0432 novembre\/d\u00e9cembre 2025<\/li>\n<\/ul>\n\n\n\n<p><\/p>\n\n\n\n<p><\/p>\n\n\n\n<p><\/p>\n\n\n\n<p><\/p>\n","protected":false},"excerpt":{"rendered":"<p>Liste des livres re\u00e7us ou \u00e9chang\u00e9s au 1\u00b0 et 2ieme trimestre 2025 LIVRES ET PUBLICATIONS ENREGISTR\u00c9S Draguignan, le 21 janvier 2025Madame, Monsieur,Nous avons le plaisir de vous adresser la liste des ouvrages que nous avons en partie enregistr\u00e9s dans notre &hellip; <a href=\"https:\/\/societe-etudes-draguignan.com\/?page_id=226\">Continuer la lecture <span class=\"meta-nav\">&rarr;<\/span><\/a><\/p>\n","protected":false},"author":1,"featured_media":0,"parent":0,"menu_order":5,"comment_status":"closed","ping_status":"closed","template":"","meta":{"footnotes":""},"class_list":["post-226","page","type-page","status-publish","hentry"],"_links":{"self":[{"href":"https:\/\/societe-etudes-draguignan.com\/index.php?rest_route=\/wp\/v2\/pages\/226","targetHints":{"allow":["GET"]}}],"collection":[{"href":"https:\/\/societe-etudes-draguignan.com\/index.php?rest_route=\/wp\/v2\/pages"}],"about":[{"href":"https:\/\/societe-etudes-draguignan.com\/index.php?rest_route=\/wp\/v2\/types\/page"}],"author":[{"embeddable":true,"href":"https:\/\/societe-etudes-draguignan.com\/index.php?rest_route=\/wp\/v2\/users\/1"}],"replies":[{"embeddable":true,"href":"https:\/\/societe-etudes-draguignan.com\/index.php?rest_route=%2Fwp%2Fv2%2Fcomments&post=226"}],"version-history":[{"count":21,"href":"https:\/\/societe-etudes-draguignan.com\/index.php?rest_route=\/wp\/v2\/pages\/226\/revisions"}],"predecessor-version":[{"id":1199,"href":"https:\/\/societe-etudes-draguignan.com\/index.php?rest_route=\/wp\/v2\/pages\/226\/revisions\/1199"}],"wp:attachment":[{"href":"https:\/\/societe-etudes-draguignan.com\/index.php?rest_route=%2Fwp%2Fv2%2Fmedia&parent=226"}],"curies":[{"name":"wp","href":"https:\/\/api.w.org\/{rel}","templated":true}]}}